{"id":43928,"date":"2019-08-28T10:56:11","date_gmt":"2019-08-28T10:56:11","guid":{"rendered":"https:\/\/www.czechdoor.cz\/gdpr\/"},"modified":"2019-09-23T13:02:51","modified_gmt":"2019-09-23T13:02:51","slug":"gdpr","status":"publish","type":"page","link":"https:\/\/www.czechdoor.cz\/cs\/gdpr\/","title":{"rendered":"GDPR"},"content":{"rendered":"\t\t<div data-elementor-type=\"wp-page\" data-elementor-id=\"43928\" class=\"elementor elementor-43928 elementor-89\" data-elementor-post-type=\"page\">\n\t\t\t\t\t\t<section class=\"elementor-section elementor-top-section elementor-element elementor-element-57593203 elementor-section-boxed elementor-section-height-default elementor-section-height-default\" data-id=\"57593203\" data-element_type=\"section\">\n\t\t\t\t\t\t<div class=\"elementor-container elementor-column-gap-default\">\n\t\t\t\t\t<div class=\"elementor-column elementor-col-100 elementor-top-column elementor-element elementor-element-6e1c001f\" data-id=\"6e1c001f\" data-element_type=\"column\">\n\t\t\t<div class=\"elementor-widget-wrap elementor-element-populated\">\n\t\t\t\t\t\t<div class=\"elementor-element elementor-element-1c3c16c4 elementor-widget elementor-widget-woocommerce-breadcrumb\" data-id=\"1c3c16c4\" data-element_type=\"widget\" data-widget_type=\"woocommerce-breadcrumb.default\">\n\t\t\t\t<div class=\"elementor-widget-container\">\n\t\t\t<nav class=\"woocommerce-breadcrumb\" aria-label=\"Breadcrumb\">Dom\u016f<\/nav>\t\t<\/div>\n\t\t\t\t<\/div>\n\t\t\t\t\t<\/div>\n\t\t<\/div>\n\t\t\t\t\t<\/div>\n\t\t<\/section>\n\t\t\t\t<section class=\"elementor-section elementor-top-section elementor-element elementor-element-317d01cc elementor-section-boxed elementor-section-height-default elementor-section-height-default\" data-id=\"317d01cc\" data-element_type=\"section\">\n\t\t\t\t\t\t<div class=\"elementor-container elementor-column-gap-default\">\n\t\t\t\t\t<div class=\"elementor-column elementor-col-100 elementor-top-column elementor-element elementor-element-42bd1e94\" data-id=\"42bd1e94\" data-element_type=\"column\">\n\t\t\t<div class=\"elementor-widget-wrap elementor-element-populated\">\n\t\t\t\t\t\t<div class=\"elementor-element elementor-element-44da7c0a elementor-widget elementor-widget-heading\" data-id=\"44da7c0a\" data-element_type=\"widget\" data-widget_type=\"heading.default\">\n\t\t\t\t<div class=\"elementor-widget-container\">\n\t\t\t<h2 class=\"elementor-heading-title elementor-size-default\">Informace o z\u00e1sad\u00e1ch zpracov\u00e1n\u00ed osobn\u00edch \u00fadaj\u016f<\/h2>\t\t<\/div>\n\t\t\t\t<\/div>\n\t\t\t\t\t<\/div>\n\t\t<\/div>\n\t\t\t\t\t<\/div>\n\t\t<\/section>\n\t\t\t\t<section class=\"elementor-section elementor-top-section elementor-element elementor-element-480591be elementor-section-stretched elementor-section-boxed elementor-section-height-default elementor-section-height-default\" data-id=\"480591be\" data-element_type=\"section\" data-settings=\"{&quot;stretch_section&quot;:&quot;section-stretched&quot;}\">\n\t\t\t\t\t\t<div class=\"elementor-container elementor-column-gap-default\">\n\t\t\t\t\t<div class=\"elementor-column elementor-col-100 elementor-top-column elementor-element elementor-element-63475191\" data-id=\"63475191\" data-element_type=\"column\">\n\t\t\t<div class=\"elementor-widget-wrap elementor-element-populated\">\n\t\t\t\t\t\t<div class=\"elementor-element elementor-element-d4f6522 elementor-widget elementor-widget-text-editor\" data-id=\"d4f6522\" data-element_type=\"widget\" data-widget_type=\"text-editor.default\">\n\t\t\t\t<div class=\"elementor-widget-container\">\n\t\t\t\t\t\t\t<p>Tento dokument obsahuje informace o zpracov\u00e1n\u00ed osobn\u00edch \u00fadaj\u016f a pou\u010den\u00ed o pr\u00e1vech subjekt\u016f \u00fadaj\u016f dle obecn\u00e9ho na\u0159\u00edzen\u00ed o ochran\u011b osobn\u00edch \u00fadaj\u016f \u010d. 2016\/679\/EU (GDPR).<\/p>\n<ol>\n<li>SPR\u00c1VCE OSOBN\u00cdCH \u00daDAJ\u016e<\/li>\n<\/ol>\n<p>Akciov\u00e1 spole\u010dnost CZECH DOOR a.s. je spole\u010dnost\u00ed, jej\u00ed\u017e podnik\u00e1n\u00ed je zam\u011b\u0159eno zejm\u00e9na na v\u00fdrobu a dod\u00e1vky celomasivn\u00edch dve\u0159\u00ed a z\u00e1rubn\u00ed, pro \u0159\u00e1dn\u00fd v\u00fdkon sv\u00e9 \u010dinnosti zpracov\u00e1v\u00e1 osobn\u00ed \u00fadaje dle podm\u00ednek GDPR a platn\u00fdch pr\u00e1vn\u00edch p\u0159edpis\u016f a t\u00edmto v souladu s\u00a0p\u0159\u00edslu\u0161n\u00fdmi ustanoven\u00edmi \u010dl. 12 GDPR informuje subjekty \u00fadaj\u016f o zpracov\u00e1n\u00ed jejich osobn\u00edch \u00fadaj\u016f a o jejich pr\u00e1vech.<\/p>\n<ol start=\"2\">\n<li>Kontaktn\u00ed a identifika\u010dn\u00ed \u00fadaje <strong>CZECH DOOR a.s.<\/strong><\/li>\n<\/ol>\n<p>s\u00eddlo: \u0160t\u011brkov\u00e1 897\/16, Radot\u00edn, Praha 5, PS\u010c: 153 00<\/p>\n<p>I\u010c: 26186349, DI\u010c: CZ26186349<\/p>\n<p>z\u00e1pis v\u00a0obch. rejst\u0159\u00edku \u2013 spis. zn.: odd. B, vl. 6637 veden\u00e1 M\u011bstsk\u00fdm soudem v Praze<\/p>\n<p>datov\u00e1 schr\u00e1nka: ID 9cfdi6t<\/p>\n<p>www. str\u00e1nka: www.czechdoor.cz<\/p>\n<p>e-mail: <a href=\"mailto:obchod@czechdoor.cz\">obchod@czechdoor.cz<\/a>,\u00a0<a href=\"mailto:info@czechdoor.cz\">info@czechdoor.cz<\/a><\/p>\n<ol start=\"3\">\n<li>\u00da\u010dely a pr\u00e1vn\u00ed z\u00e1klad zpracov\u00e1n\u00ed osobn\u00edch \u00fadaj\u016f<\/li>\n<\/ol>\n<p>Va\u0161e osobn\u00ed \u00fadaje jsou zpracov\u00e1v\u00e1ny v nezbytn\u00e9m rozsahu pro n\u00e1sleduj\u00edc\u00ed \u00fa\u010dely:<\/p>\n<ul>\n<li>vyhotoven\u00ed nab\u00eddek na dod\u00e1vku v\u00fdrobk\u016f a produkt\u016f,<\/li>\n<li>objedn\u00e1vky, uzav\u00edr\u00e1n\u00ed a pln\u011bn\u00ed smluv na dod\u00e1vku v\u00fdrobk\u016f a produkt\u016f,<\/li>\n<li>zaji\u0161\u0165ov\u00e1n\u00ed z\u00e1kaznick\u00e9ho servisu ve vztahu k\u00a0dod\u00e1van\u00fdm v\u00fdrobk\u016fm a produkt\u016fm,<\/li>\n<li>spr\u00e1va datab\u00e1ze\/evidence z\u00e1kazn\u00edk\u016f, marketing a obchodn\u00ed sd\u011blen\u00ed,<\/li>\n<li>pln\u011bn\u00ed povinnost\u00ed v\u00a0oblasti pracovn\u00edho pr\u00e1va, pr\u00e1va soci\u00e1ln\u00edho zabezpe\u010den\u00ed a soci\u00e1ln\u00ed ochrany,<\/li>\n<li>opr\u00e1vn\u011bn\u00fd z\u00e1jem spr\u00e1vce \u010di t\u0159et\u00ed strany (v\u010detn\u011b spisov\u00e9 slu\u017eby a archivnictv\u00ed),<\/li>\n<li>ur\u010den\u00ed, v\u00fdkon nebo obhajoba pr\u00e1vn\u00edch n\u00e1rok\u016f,<\/li>\n<li>pln\u011bn\u00ed povinnost\u00ed dle platn\u00fdch pr\u00e1vn\u00edch p\u0159edpis\u016f.<\/li>\n<\/ul>\n<p>Va\u0161e osobn\u00ed \u00fadaje jsou zpracov\u00e1v\u00e1ny na z\u00e1klad\u011b uveden\u00fdch pr\u00e1vn\u00edch z\u00e1klad\u016f:<\/p>\n<ul>\n<li>pln\u011bn\u00ed smlouvy, pln\u011bn\u00ed pr\u00e1vn\u00ed povinnosti a opr\u00e1vn\u011bn\u00e9ho z\u00e1jmu ve smyslu \u010dl. 6 odst. 1 p\u00edsm. b), c) a f) GDPR,<\/li>\n<li>ud\u011blen\u00ed souhlasu ve smyslu \u010dl. 6 odst. 1 p\u00edsm. a) GDPR.<\/li>\n<\/ul>\n<ol start=\"4\">\n<li>Zdroje a kategorie zpracov\u00e1van\u00fdch osobn\u00edch \u00fadaj\u016f<\/li>\n<\/ol>\n<p>Va\u0161e osobn\u00ed \u00fadaje jsou zpracov\u00e1v\u00e1ny z\u00a0t\u011bchto zdroj\u016f:<\/p>\n<ul>\n<li>p\u0159\u00edmo od na\u0161ich z\u00e1kazn\u00edk\u016f a z\u00e1jemc\u016f o na\u0161e produkty a v\u00fdrobky,<\/li>\n<li>p\u0159\u00edmo od na\u0161ich zam\u011bstnanc\u016f a uchaze\u010d\u016f o zam\u011bstn\u00e1n\u00ed,<\/li>\n<li>od t\u0159et\u00edch stran, jako nap\u0159. st\u00e1tn\u00ed a ve\u0159ejnopr\u00e1vn\u00ed org\u00e1ny, obchodn\u00ed partne\u0159i, poji\u0161\u0165ovny, bankovn\u00ed \u00fastavy,<\/li>\n<li>z ve\u0159ejn\u011b dostupn\u00fdch datab\u00e1z\u00ed.<\/li>\n<\/ul>\n<p>&nbsp;<\/p>\n<p>Va\u0161e osobn\u00ed \u00fadaje jsou zpracov\u00e1v\u00e1ny v\u00a0nezbytn\u00e9m rozsahu, zejm\u00e9na pokud jde o n\u00e1sleduj\u00edc\u00ed kategorie osobn\u00edch \u00fadaj\u016f:<\/p>\n<ul>\n<li>jm\u00e9no, p\u0159\u00edjmen\u00ed, titul,<\/li>\n<li>datum narozen\u00ed, rodn\u00e9 \u010d\u00edslo,<\/li>\n<li>adresa trval\u00e9ho pobytu\/bydli\u0161t\u011b, doru\u010dovac\u00ed adresa, adresa elektronick\u00e9 po\u0161ty, telefonn\u00ed \u010d\u00edslo,<\/li>\n<li>\u010d\u00edslo bankovn\u00edho \u00fa\u010dtu a k\u00f3d banky,<\/li>\n<li>\u010d\u00edslo \u00fa\u0159edn\u00edho dokladu, datum vyd\u00e1n\u00ed a platnosti \u00fa\u0159edn\u00edho dokladu<\/li>\n<li>podpis,<\/li>\n<li>st\u00e1tn\u00ed ob\u010danstv\u00ed,<\/li>\n<li>rodinn\u00fd stav, pohlav\u00ed, profese, \u00fadaje o zdravotn\u00edm stavu u na\u0161ich zam\u011bstnanc\u016f,<\/li>\n<li>pln\u00e1 moc k\u00a0zastupov\u00e1n\u00ed,<\/li>\n<li>kopie a ulo\u017een\u00ed objedn\u00e1vek a smluv v\u010detn\u011b dodatk\u016f a s nimi spojen\u00e9 komunikace,<\/li>\n<li>podoba (obli\u010dej i cel\u00e1 postava) a dal\u0161\u00ed \u00fadaje zjistiteln\u00e9 z video kamer um\u00edst\u011bn\u00fdch v\u00a0provozovn\u011b spole\u010dnosti pro zabezpe\u010den\u00ed prostor spole\u010dnosti a opr\u00e1vn\u011bn\u00fdch z\u00e1jm\u016f,<\/li>\n<li>dal\u0161\u00ed \u00fadaje, nezbytn\u011b souvisej\u00edc\u00ed s\u00a0vyu\u017e\u00edvan\u00edm na\u0161ich slu\u017eeb a poji\u0161\u0165oven nebo \u00fadaje, kter\u00e9 n\u00e1m v pr\u016fb\u011bhu vyu\u017e\u00edv\u00e1n\u00ed slu\u017eeb sd\u011blujete.<\/li>\n<\/ul>\n<ol start=\"5\">\n<li>Kategorie subjekt\u016f osobn\u00edch \u00fadaj\u016f<\/li>\n<\/ol>\n<p>Subjektem \u00fadaj\u016f je fyzick\u00e1 osoba, j\u00ed\u017e se osobn\u00ed \u00fadaje t\u00fdkaj\u00ed, konkr\u00e9tn\u011b:<\/p>\n<ul>\n<li>z\u00e1kazn\u00edk, smluvn\u00ed partner, subjekt v\u00a0p\u0159edsmluvn\u00edm vztahu, z\u00e1jemce o nab\u00eddku produkt\u016f a v\u00fdrobk\u016f<\/li>\n<li>pod\u0159\u00edzen\u00fd poji\u0161\u0165ovac\u00ed zprost\u0159edkovatel,<\/li>\n<li>zam\u011bstnanec a uchaze\u010d o zam\u011bstn\u00e1n\u00ed,<\/li>\n<li>\u017eadatel, tazatel,<\/li>\n<li>pl\u00e1tce, p\u0159\u00edjemce,<\/li>\n<li>opr\u00e1vn\u011bn\u00fd, povinn\u00fd, po\u0161kozen\u00fd,<\/li>\n<li>\u00fa\u010dastn\u00edk \u0159\u00edzen\u00ed.<\/li>\n<\/ul>\n<p>&nbsp;<\/p>\n<ol start=\"6\">\n<li>Kategorie zpracovatel\u016f a p\u0159\u00edjemc\u016f osobn\u00edch \u00fadaj\u016f<\/li>\n<\/ol>\n<p>Va\u0161e osobn\u00ed \u00fadaje mohou b\u00fdt v\u00a0nezbytn\u00e9m rozsahu poskytnout t\u011bmto t\u0159et\u00edm osob\u00e1m v\u00a0z\u00e1vislosti na poskytovan\u00fdch slu\u017eb\u00e1ch, pln\u011bn\u00ed pr\u00e1vn\u00ed povinnosti a opr\u00e1vn\u011bn\u00e9ho z\u00e1jmu:<\/p>\n<ul>\n<li>st\u00e1tn\u00ed a ve\u0159ejnopr\u00e1vn\u00ed org\u00e1ny,<\/li>\n<li>bankovn\u00ed \u00fastavy,<\/li>\n<li>poji\u0161\u0165ovny,<\/li>\n<li>extern\u00ed subjekty, jimi\u017e jsou zejm\u00e9na subjekty poskytuj\u00edc\u00ed IT slu\u017eby a zaji\u0161\u0165uj\u00edc\u00ed bezpe\u010dnost na\u0161ich informa\u010dn\u00edch syst\u00e9m\u016f a technologi\u00ed, subjekty \u00fa\u010detnictv\u00ed, auditu a da\u0148ov\u00e9ho poradenstv\u00ed, subjekty BOZP, PO a \u0161kolen\u00ed, subjekty pr\u00e1vn\u00edho zastoupen\u00ed a znalci.<\/li>\n<\/ul>\n<p>&nbsp;<\/p>\n<p>Va\u0161e osobn\u00ed \u00fadaje nebudou poskytnuty t\u0159et\u00edm osob\u00e1m ze zem\u00ed mimo EU a EHP bez Va\u0161eho souhlasu, nebo pokud platn\u00e9 pr\u00e1vn\u00ed p\u0159edpisy nestanov\u00ed jinak.<\/p>\n<ol start=\"7\">\n<li>Marketing, obchodn\u00ed sd\u011blen\u00ed<\/li>\n<\/ol>\n<p>Pro marketink a obchodn\u00ed sd\u011blen\u00ed vyu\u017e\u00edv\u00e1me e-mailov\u00e9 adresy z\u00e1kazn\u00edk\u016f nebo z\u00e1jemc\u016f o na\u0161e v\u00fdrobky a produkty, kter\u00e9 n\u00e1m za takov\u00fdm \u00fa\u010delem a s jejich souhlasem poskytli nebo se p\u0159ihl\u00e1sili se k\u00a0jejich odb\u011bru.\u00a0 \u00a0V\u00a0t\u011bchto p\u0159\u00edpadech pou\u017e\u00edv\u00e1me e-mailov\u00e9 adresy bez \u010dasov\u00e9ho omezen\u00ed a\u017e do odm\u00edtnut\u00ed. Zpracov\u00e1n\u00edm za \u00fa\u010delem marketingu a obchodn\u00edch sd\u011blen\u00ed rozum\u00edme zejm\u00e9na pozn\u00e1n\u00ed va\u0161ich preferenc\u00ed a nab\u00eddky v\u00fdrobk\u016f a produkt\u016f pro v\u00e1s. Pro tento \u00fa\u010del vyu\u017e\u00edv\u00e1me seskupov\u00e1n\u00ed a hodnocen\u00ed z\u00e1kladn\u00edch \u00fadaj\u016f, \u00fadaj\u016f o produktech a slu\u017eb\u00e1ch a profilov\u00fdch \u00fadaj\u016f, v\u010detn\u011b profilov\u00e1n\u00ed, to i automatick\u00fdmi prost\u0159edky. Tyto \u010dinnosti maj\u00ed napomoci tomu, abychom v\u00e1s neobt\u011b\u017eovali s nerelevantn\u00edmi nab\u00eddkami.<\/p>\n<p>Pou\u017e\u00edv\u00e1n\u00edm na\u0161ich webov\u00fdch str\u00e1nek berete na v\u011bdom\u00ed a souhlas\u00edte s ukl\u00e1d\u00e1n\u00edm a vyu\u017eit\u00edm cookies, je\u017e se pou\u017e\u00edvaj\u00ed ke zv\u00fd\u0161en\u00ed kvality u\u017e\u00edv\u00e1n\u00ed webov\u00fdch str\u00e1nek.\u00a0 Pokud s ukl\u00e1d\u00e1n\u00edm cookies do va\u0161eho za\u0159\u00edzen\u00ed nesouhlas\u00edte, upravte nastaven\u00ed sv\u00e9ho internetov\u00e9ho prohl\u00ed\u017ee\u010de tak, aby se v\u0161echny nebo jen n\u011bkter\u00e9 cookies neukl\u00e1daly, anebo p\u0159esta\u0148te vyu\u017e\u00edvat na\u0161e webov\u00e9 str\u00e1nky. Upozor\u0148ujeme, \u017ee zak\u00e1z\u00e1n\u00edm n\u011bkter\u00fdch cookies nemus\u00ed na\u0161e webov\u00e9 str\u00e1nky spr\u00e1vn\u011b fungovat.<\/p>\n<ol start=\"8\">\n<li>Zp\u016fsob zpracov\u00e1n\u00ed a zabezpe\u010den\u00ed ochrany osobn\u00edch \u00fadaj\u016f<\/li>\n<\/ol>\n<p>Va\u0161e osobn\u00ed \u00fadaje jsou zpracov\u00e1v\u00e1ny automatizovan\u00fdm a neautomatizovan\u00fdm zp\u016fsobem v ti\u0161t\u011bn\u00e9 nebo elektronick\u00e9 podob\u011b, a to za dodr\u017een\u00ed v\u0161ech bezpe\u010dnostn\u00edch z\u00e1sad pro spr\u00e1vu a zpracov\u00e1n\u00ed osobn\u00edch \u00fadaj\u016f. Za t\u00edmto \u00fa\u010delem jsou p\u0159ijata nezbytn\u00e1 technickoorganiza\u010dn\u00ed opat\u0159en\u00ed k zaji\u0161t\u011bn\u00ed ochrany osobn\u00edch \u00fadaj\u016f, zejm\u00e9na opat\u0159en\u00ed, aby nemohlo doj\u00edt k neopr\u00e1vn\u011bn\u00e9mu nebo nahodil\u00e9mu p\u0159\u00edstupu k osobn\u00edm \u00fadaj\u016fm, jejich zm\u011bn\u011b, zni\u010den\u00ed \u010di ztr\u00e1t\u011b, neopr\u00e1vn\u011bn\u00fdm p\u0159enos\u016fm, k jejich neopr\u00e1vn\u011bn\u00e9mu zpracov\u00e1n\u00ed, jako\u017e i k jin\u00e9mu zneu\u017eit\u00ed osobn\u00edch \u00fadaj\u016f. Ve\u0161ker\u00e9 subjekty, kter\u00fdm mohou b\u00fdt osobn\u00ed \u00fadaje zp\u0159\u00edstupn\u011bny, respektuj\u00ed pr\u00e1vo subjekt\u016f \u00fadaj\u016f na ochranu soukrom\u00ed a jsou povinny postupovat dle platn\u00fdch pr\u00e1vn\u00edch p\u0159edpis\u016f t\u00fdkaj\u00edc\u00edch se ochrany osobn\u00edch \u00fadaj\u016f. Osobn\u00ed \u00fadaje jsou ulo\u017eeny v datab\u00e1z\u00edch na zabezpe\u010den\u00fdch serverech, na kter\u00e9 maj\u00ed p\u0159\u00edstup pouze na\u0161i pracovn\u00edci \u010di pov\u011b\u0159en\u00ed zpracovatel\u00e9, a to pouze v rozsahu nutn\u00e9m k pln\u011bn\u00ed jejich pracovn\u00edch povinnost\u00ed. \u00a0Ve\u0161ker\u00e9 p\u0159\u00edstupy a manipulace s daty v na\u0161ich datab\u00e1z\u00edch jsou monitorov\u00e1ny a logov\u00e1ny, je zaji\u0161t\u011bna antivirov\u00e1 ochrana a syst\u00e9m bezpe\u010dnostn\u00edho z\u00e1lohov\u00e1n\u00ed dat. Na\u0161e spole\u010dnost p\u0159ijala opat\u0159en\u00ed k zaji\u0161t\u011bn\u00ed neust\u00e1l\u00e9 d\u016fv\u011brnosti, integrity, dostupnosti a odolnosti syst\u00e9m\u016f a zpracov\u00e1n\u00ed, schopnost obnovit dostupnost osobn\u00edch \u00fadaj\u016f a p\u0159\u00edstup k nim v\u010das v p\u0159\u00edpadech fyzick\u00fdch a technick\u00fdch incident\u016f. Prostory, kde jsou Va\u0161e osobn\u00ed \u00fadaje zpracov\u00e1v\u00e1ny jsou\u00a0 dostate\u010dn\u011b mechanicky zabezpe\u010deny.<\/p>\n<ol start=\"9\">\n<li>Povinnost ml\u010denlivosti<\/li>\n<\/ol>\n<p>Spole\u010dnost se zavazuje k\u00a0ml\u010denlivosti dle podm\u00ednek GDPR\u00a0 ohledn\u011b zpracov\u00e1van\u00fdch osobn\u00edch \u00fadaj\u016f a o bezpe\u010dnostn\u00edch opat\u0159en\u00edch, jejich zve\u0159ejn\u011bn\u00ed by ohrozilo zabezpe\u010den\u00ed osobn\u00edch \u00fadaj\u016f, kdy\u017e tato povinnost ml\u010denlivosti trv\u00e1 i po ukon\u010den\u00ed smlouvy nebo poskytov\u00e1n\u00ed slu\u017eeb, pln\u011bn\u00ed pr\u00e1vn\u00ed povinnosti nebo opr\u00e1vn\u011bn\u00e9ho z\u00e1jmu, pokud obecn\u011b z\u00e1vazn\u00e9 pr\u00e1vn\u00ed p\u0159edpisy nestanov\u00ed jinak.<\/p>\n<ol start=\"10\">\n<li>Doba zpracov\u00e1n\u00ed osobn\u00edch \u00fadaj\u016f<\/li>\n<\/ol>\n<p>P\u0159i nakl\u00e1d\u00e1n\u00ed s Va\u0161imi \u00fadaji ct\u00edme pravidla datov\u00e9 minimalizace. To znamen\u00e1, \u017ee m\u00e1me nastavena p\u0159\u00edsn\u00e1 vnit\u0159n\u00ed pravidla spisov\u00e9 slu\u017eby a archivace, kter\u00e1 zaji\u0161\u0165uj\u00ed, \u017ee \u00fadaje nedr\u017e\u00edme d\u00e9le, ne\u017e je to nezbytn\u00e9. V souladu se lh\u016ftami uveden\u00fdmi v p\u0159\u00edslu\u0161n\u00fdch smlouv\u00e1ch, pr\u00e1vn\u00edch p\u0159edpisech a vnit\u0159n\u00edch p\u0159edpisech jde o dobu nezbytn\u011b nutnou k zaji\u0161t\u011bn\u00ed pr\u00e1v a povinnost\u00ed plynouc\u00edch jak ze smluv, opr\u00e1vn\u011bn\u00fdch z\u00e1jm\u016f, pln\u011bn\u00ed pr\u00e1vn\u00ed povinnosti, tak i z p\u0159\u00edslu\u0161n\u00fdch pr\u00e1vn\u00edch p\u0159edpis\u016f, nejd\u00e9le v\u0161ak 10 let od nezbytn\u00e9 posledn\u00ed operace s\u00a0\u00fadaji, pokud pr\u00e1vn\u00ed p\u0159edpisy nestanov\u00ed lh\u016ftu del\u0161\u00ed.\u00a0Souhlas s uchov\u00e1v\u00e1n\u00edm a zpracov\u00e1v\u00e1n\u00edm osobn\u00edch \u00fadaj\u016f zpracov\u00e1van\u00fdch na z\u00e1klad\u011b Va\u0161eho souhlasu nebo se zas\u00edl\u00e1n\u00edm obchodn\u00edch sd\u011blen\u00ed kdykoliv odvolat, a to tak, \u017ee za\u0161lete spole\u010dnosti dopisem nebo na adresu elektronick\u00e9 po\u0161ty dle kontaktn\u00edch \u00fadaj\u016f uveden\u00fdch v\u00a0odst. 2. T\u00edmto odvol\u00e1n\u00edm souhlasu v\u0161ak nen\u00ed dot\u010deno zpracov\u00e1n\u00ed nezbytn\u00fdch osobn\u00edch \u00fadaj\u016f prov\u00e1d\u011bn\u00e9 pro \u00fa\u010dely spln\u011bn\u00ed smlouvy, pln\u011bn\u00ed pr\u00e1vn\u00ed povinnosti nebo opr\u00e1vn\u011bn\u00fdch z\u00e1jm\u016f dle p\u0159\u00edslu\u0161n\u00fdch ustanoven\u00ed GDPR a dal\u0161\u00edch platn\u00fdch pr\u00e1vn\u00edch p\u0159edpis\u016f.<\/p>\n<ol start=\"11\">\n<li>Pr\u00e1va subjektu \u00fadaj\u016f<\/li>\n<\/ol>\n<p>V\u00a0souladu s\u00a0p\u0159edpisy pro ochranu osobn\u00edch \u00fadaj\u016f m\u00e1te tato pr\u00e1va:<\/p>\n<ul>\n<li>Pr\u00e1vo na p\u0159\u00edstup k\u00a0osobn\u00edm \u00fadaj\u016fm, co\u017e znamen\u00e1, \u017ee si m\u016f\u017eete kdykoliv po\u017e\u00e1dat o potvrzen\u00ed na\u0161\u00ed spole\u010dnosti, zda osobn\u00ed \u00fadaje, kter\u00e9 se V\u00e1s t\u00fdkaj\u00ed, jsou \u010di nejsou zpracov\u00e1v\u00e1ny, a pokud jsou, pak za jak\u00fdmi \u00fa\u010dely, v jak\u00e9m rozsahu, komu jsou zp\u0159\u00edstupn\u011bny, jak dlouho budou zpracov\u00e1v\u00e1ny, zda m\u00e1te pr\u00e1vo na opravu, v\u00fdmaz, omezen\u00ed zpracov\u00e1n\u00ed \u010di vzn\u00e9st n\u00e1mitku, odkud osobn\u00ed \u00fadaje byly z\u00edsk\u00e1ny, a zda doch\u00e1z\u00ed na z\u00e1klad\u011b zpracov\u00e1n\u00ed osobn\u00edch \u00fadaj\u016f k automatick\u00e9mu rozhodov\u00e1n\u00ed, v\u010detn\u011b p\u0159\u00edpadn\u00e9ho profilov\u00e1n\u00ed. Tak\u00e9 m\u00e1te pr\u00e1vo z\u00edskat kopii Va\u0161ich osobn\u00edch \u00fadaj\u016f, p\u0159i\u010dem\u017e za poskytnut\u00ed m\u016f\u017eeme po\u017eadovat p\u0159im\u011b\u0159enou \u00fahradu administrativn\u00edch n\u00e1klad\u016f.<\/li>\n<li>Pr\u00e1vo na opravu osobn\u00edch \u00fadaj\u016f, co\u017e znamen\u00e1, \u017ee m\u016f\u017eete po\u017e\u00e1dat na\u0161i spole\u010dnost o opravu \u010di dopln\u011bn\u00ed osobn\u00edch \u00fadaj\u016f, pokud by byly nep\u0159esn\u00e9 \u010di ne\u00fapln\u00e9.<\/li>\n<li>Pr\u00e1vo na v\u00fdmaz osobn\u00edch \u00fadaj\u016f, co\u017e znamen\u00e1, \u017ee spole\u010dnost vyma\u017ee Va\u0161e osobn\u00ed \u00fadaje pokud (i) ji\u017e nejsou pot\u0159ebn\u00e9 pro \u00fa\u010dely, pro kter\u00e9 byly zpracov\u00e1v\u00e1ny, (ii) odvol\u00e1te souhlas a neexistuje \u017e\u00e1dn\u00fd dal\u0161\u00ed opr\u00e1vn\u011bn\u00fd d\u016fvod pro zpracov\u00e1n\u00ed (iii) vznesete n\u00e1mitky proti\u00a0zpracov\u00e1n\u00ed a neexistuj\u00ed \u017e\u00e1dn\u00e9 p\u0159eva\u017euj\u00edc\u00ed opr\u00e1vn\u011bn\u00e9 d\u016fvody pro zpracov\u00e1n\u00ed (iv) zpracov\u00e1n\u00ed je protipr\u00e1vn\u00ed nebo (v) to ukl\u00e1d\u00e1 z\u00e1konn\u00e1 povinnost.<\/li>\n<li>Pr\u00e1vo na omezen\u00ed zpracov\u00e1n\u00ed osobn\u00edch \u00fadaj\u016f, co\u017e znamen\u00e1, \u017ee dokud se nevy\u0159e\u0161\u00ed sporn\u00e9 ot\u00e1zky ohledn\u011b zpracov\u00e1n\u00ed Va\u0161ich osobn\u00edch \u00fadaj\u016f, konkr\u00e9tn\u011b pokud (i) pop\u00edr\u00e1te p\u0159esnost osobn\u00edch \u00fadaj\u016f, (ii) zpracov\u00e1n\u00ed je protipr\u00e1vn\u00ed, ale m\u00edsto v\u00fdmazu osobn\u00edch \u00fadaj\u016f chcete jejich zpracov\u00e1n\u00ed pouze omezit, (iii) spole\u010dnost ji\u017e osobn\u00ed \u00fadaje nepot\u0159ebuje pro \u00fa\u010dely zpracov\u00e1n\u00ed, ale Vy ano (iv) nebo pokud V\u00e1mi byla vznesena n\u00e1mitka proti zpracov\u00e1n\u00ed.<\/li>\n<li>Pr\u00e1vo na p\u0159enositelnost \u00fadaj\u016f, co\u017e znamen\u00e1, \u017ee m\u00e1te pr\u00e1vo z\u00edskat Va\u0161e osobn\u00ed \u00fadaje, kter\u00e9 jste poskytli spole\u010dnosti se souhlasem ke zpracov\u00e1n\u00ed nebo pro \u00fa\u010dely pln\u011bn\u00ed smlouvy, ve strukturovan\u00e9m, b\u011b\u017en\u011b pou\u017e\u00edvan\u00e9m a strojov\u011b \u010diteln\u00e9m form\u00e1tu, a, je-li to technicky provediteln\u00e9, m\u00e1te pr\u00e1vo, aby spole\u010dnost tyto \u00fadaje p\u0159edala jin\u00e9mu spr\u00e1vci.<\/li>\n<li>Pr\u00e1vo vzn\u00e9st n\u00e1mitku proti zpracov\u00e1n\u00ed osobn\u00edch \u00fadaj\u016f, co\u017e znamen\u00e1, \u017ee m\u016f\u017eete u spole\u010dnosti, a.s. podat p\u00edsemnou \u010di elektronickou n\u00e1mitku proti zpracov\u00e1n\u00ed sv\u00fdch Osobn\u00edch \u00fadaj\u016f, \u010d\u00edm\u017e zp\u016fsob\u00edte, \u017ee spole\u010dnost osobn\u00ed \u00fadaje d\u00e1le nezpracov\u00e1v\u00e1, pokud neprok\u00e1\u017ee z\u00e1va\u017en\u00e9 opr\u00e1vn\u011bn\u00e9 d\u016fvody pro zpracov\u00e1n\u00ed, kter\u00e9 p\u0159eva\u017euj\u00ed nad Va\u0161imi z\u00e1jmy nebo pr\u00e1vy a svobodami.<\/li>\n<li>ODM\u00cdTNUT\u00cd POSKYTNUT\u00cd \u00daDAJ\u016e s t\u00edm, \u017ee osobn\u00ed \u00fadaje, kter\u00e9 od V\u00e1s po\u017eadujeme pro poskytov\u00e1n\u00ed slu\u017eeb, n\u00e1m m\u016f\u017eete odm\u00edtnout poskytnout. Pokud jde ale o takov\u00e9 \u00fadaje, jejich\u017e poskytnut\u00ed je z Va\u0161\u00ed strany nezbytn\u00e9, nem\u016f\u017eeme v\u00e1m souvisej\u00edc\u00ed slu\u017ebu poskytnout.<\/li>\n<li>ODVOL\u00c1N\u00cd SOUHLASU SE ZPRACOV\u00c1N\u00cdM v p\u0159\u00edpadech, kdy ke zpracov\u00e1n\u00ed Va\u0161ich osobn\u00edch \u00fadaj\u016f vy\u017eadujeme V\u00e1\u0161 souhlas, jste opr\u00e1vn\u011bni tento souhlas kdykoli odvolat. Odvol\u00e1n\u00ed souhlasu nem\u00e1 vliv na zpracov\u00e1n\u00ed Va\u0161ich osobn\u00edch \u00fadaj\u016f po dobu, co byl tento souhlas V\u00e1mi platn\u011b ud\u011blen, ani na zpracov\u00e1n\u00ed Va\u0161ich osobn\u00edch \u00fadaj\u016f z jin\u00fdch pr\u00e1vn\u00edch d\u016fvod\u016f, pokud se aplikuj\u00ed (nap\u0159. dodr\u017eov\u00e1n\u00ed pr\u00e1vn\u00edch povinnost\u00ed, smlouvy nebo pro \u00fa\u010dely na\u0161ich opr\u00e1vn\u011bn\u00fdch z\u00e1jm\u016f).<\/li>\n<\/ul>\n<p>Ve\u0161ker\u00e1 sv\u00e1 pr\u00e1va, stanoven\u00e1 v\u00a0p\u0159edchoz\u00edch odstavc\u00edch, m\u016f\u017eete uplatnit<br \/>\nu spole\u010dnosti, bu\u010fto p\u00edsemnou formou doporu\u010den\u00fdm dopisem, zaslan\u00fdm na adresu jeho s\u00eddla, \u010di elektronickou formou, pop\u0159. telefonicky na kontaktn\u00edch \u00fadaj\u00edch uveden\u00fdch v\u00a0odst. 2.<\/p>\n<p>D\u00e1le m\u00e1te pr\u00e1vo podat st\u00ed\u017enost proti zpracov\u00e1n\u00ed Osobn\u00edch \u00fadaj\u016f u \u00da\u0159adu pro ochranu osobn\u00edch \u00fadaj\u016f na adrese: <a href=\"http:\/\/www.uoou.cz\">www.uoou.cz<\/a>.<\/p>\n<p>Platnost a \u00fa\u010dinnost Informac\u00ed o z\u00e1sad\u00e1ch zpracov\u00e1n\u00ed osobn\u00edch \u00fadaj\u016f je od \u00a025. 5. 2018.<\/p>\n\t\t\t\t\t\t<\/div>\n\t\t\t\t<\/div>\n\t\t\t\t\t<\/div>\n\t\t<\/div>\n\t\t\t\t\t<\/div>\n\t\t<\/section>\n\t\t\t\t<\/div>\n\t\t","protected":false},"excerpt":{"rendered":"<p>Informace o z\u00e1sad\u00e1ch zpracov\u00e1n\u00ed osobn\u00edch \u00fadaj\u016f Tento dokument obsahuje informace o zpracov\u00e1n\u00ed osobn\u00edch \u00fadaj\u016f a pou\u010den\u00ed o pr\u00e1vech subjekt\u016f \u00fadaj\u016f dle obecn\u00e9ho na\u0159\u00edzen\u00ed o ochran\u011b osobn\u00edch \u00fadaj\u016f \u010d. 2016\/679\/EU (GDPR). SPR\u00c1VCE OSOBN\u00cdCH \u00daDAJ\u016e Akciov\u00e1 spole\u010dnost CZECH DOOR a.s. je spole\u010dnost\u00ed, jej\u00ed\u017e podnik\u00e1n\u00ed je zam\u011b\u0159eno zejm\u00e9na na v\u00fdrobu a dod\u00e1vky celomasivn\u00edch dve\u0159\u00ed a z\u00e1rubn\u00ed, pro \u0159\u00e1dn\u00fd [&hellip;]<\/p>\n","protected":false},"author":1,"featured_media":0,"parent":0,"menu_order":0,"comment_status":"closed","ping_status":"closed","template":"","meta":{"footnotes":""},"class_list":["post-43928","page","type-page","status-publish","hentry"],"yoast_head":"<!-- This site is optimized with the Yoast SEO plugin v23.4 - https:\/\/yoast.com\/wordpress\/plugins\/seo\/ -->\n<title>GDPR - Interi\u00e9rov\u00e9 dve\u0159e z masivu<\/title>\n<meta name=\"robots\" content=\"index, follow, max-snippet:-1, max-image-preview:large, max-video-preview:-1\" \/>\n<link rel=\"canonical\" href=\"https:\/\/www.czechdoor.cz\/cs\/gdpr\/\" \/>\n<meta property=\"og:locale\" content=\"cs_CZ\" \/>\n<meta property=\"og:type\" content=\"article\" \/>\n<meta property=\"og:title\" content=\"GDPR - Interi\u00e9rov\u00e9 dve\u0159e z masivu\" \/>\n<meta property=\"og:description\" content=\"Informace o z\u00e1sad\u00e1ch zpracov\u00e1n\u00ed osobn\u00edch \u00fadaj\u016f Tento dokument obsahuje informace o zpracov\u00e1n\u00ed osobn\u00edch \u00fadaj\u016f a pou\u010den\u00ed o pr\u00e1vech subjekt\u016f \u00fadaj\u016f dle obecn\u00e9ho na\u0159\u00edzen\u00ed o ochran\u011b osobn\u00edch \u00fadaj\u016f \u010d. 2016\/679\/EU (GDPR). SPR\u00c1VCE OSOBN\u00cdCH \u00daDAJ\u016e Akciov\u00e1 spole\u010dnost CZECH DOOR a.s. je spole\u010dnost\u00ed, jej\u00ed\u017e podnik\u00e1n\u00ed je zam\u011b\u0159eno zejm\u00e9na na v\u00fdrobu a dod\u00e1vky celomasivn\u00edch dve\u0159\u00ed a z\u00e1rubn\u00ed, pro \u0159\u00e1dn\u00fd [&hellip;]\" \/>\n<meta property=\"og:url\" content=\"https:\/\/www.czechdoor.cz\/cs\/gdpr\/\" \/>\n<meta property=\"og:site_name\" content=\"Interi\u00e9rov\u00e9 dve\u0159e z masivu\" \/>\n<meta property=\"article:modified_time\" content=\"2019-09-23T13:02:51+00:00\" \/>\n<meta name=\"twitter:card\" content=\"summary_large_image\" \/>\n<meta name=\"twitter:label1\" content=\"Odhadovan\u00e1 doba \u010dten\u00ed\" \/>\n\t<meta name=\"twitter:data1\" content=\"12 minut\" \/>\n<script type=\"application\/ld+json\" class=\"yoast-schema-graph\">{\"@context\":\"https:\/\/schema.org\",\"@graph\":[{\"@type\":\"WebPage\",\"@id\":\"https:\/\/www.czechdoor.cz\/cs\/gdpr\/\",\"url\":\"https:\/\/www.czechdoor.cz\/cs\/gdpr\/\",\"name\":\"GDPR - Interi\u00e9rov\u00e9 dve\u0159e z masivu\",\"isPartOf\":{\"@id\":\"http:\/\/www.czechdoor.cz\/cs\/#website\"},\"datePublished\":\"2019-08-28T10:56:11+00:00\",\"dateModified\":\"2019-09-23T13:02:51+00:00\",\"breadcrumb\":{\"@id\":\"https:\/\/www.czechdoor.cz\/cs\/gdpr\/#breadcrumb\"},\"inLanguage\":\"cs\",\"potentialAction\":[{\"@type\":\"ReadAction\",\"target\":[\"https:\/\/www.czechdoor.cz\/cs\/gdpr\/\"]}]},{\"@type\":\"BreadcrumbList\",\"@id\":\"https:\/\/www.czechdoor.cz\/cs\/gdpr\/#breadcrumb\",\"itemListElement\":[{\"@type\":\"ListItem\",\"position\":1,\"name\":\"\u0413\u043b\u0430\u0432\u043d\u0430\u044f \u0441\u0442\u0440\u0430\u043d\u0438\u0446\u0430\",\"item\":\"http:\/\/www.czechdoor.cz\/cs\/\"},{\"@type\":\"ListItem\",\"position\":2,\"name\":\"GDPR\"}]},{\"@type\":\"WebSite\",\"@id\":\"http:\/\/www.czechdoor.cz\/cs\/#website\",\"url\":\"http:\/\/www.czechdoor.cz\/cs\/\",\"name\":\"Interi\u00e9rov\u00e9 dve\u0159e z masivu\",\"description\":\"Kvalitn\u00ed dve\u0159e a z\u00e1rubn\u011b z masivu, interierov\u00e9 a vchodov\u00e9 dve\u0159e - Czech Door a.s.\",\"publisher\":{\"@id\":\"http:\/\/www.czechdoor.cz\/cs\/#organization\"},\"potentialAction\":[{\"@type\":\"SearchAction\",\"target\":{\"@type\":\"EntryPoint\",\"urlTemplate\":\"http:\/\/www.czechdoor.cz\/cs\/?s={search_term_string}\"},\"query-input\":{\"@type\":\"PropertyValueSpecification\",\"valueRequired\":true,\"valueName\":\"search_term_string\"}}],\"inLanguage\":\"cs\"},{\"@type\":\"Organization\",\"@id\":\"http:\/\/www.czechdoor.cz\/cs\/#organization\",\"name\":\"CzechDoor. Interi\u00e9rov\u00e9 dve\u0159e z masivu\",\"url\":\"http:\/\/www.czechdoor.cz\/cs\/\",\"logo\":{\"@type\":\"ImageObject\",\"inLanguage\":\"cs\",\"@id\":\"http:\/\/www.czechdoor.cz\/cs\/#\/schema\/logo\/image\/\",\"url\":\"https:\/\/www.czechdoor.cz\/wp-content\/uploads\/logo-czechdoor-ru.png\",\"contentUrl\":\"https:\/\/www.czechdoor.cz\/wp-content\/uploads\/logo-czechdoor-ru.png\",\"width\":550,\"height\":162,\"caption\":\"CzechDoor. Interi\u00e9rov\u00e9 dve\u0159e z masivu\"},\"image\":{\"@id\":\"http:\/\/www.czechdoor.cz\/cs\/#\/schema\/logo\/image\/\"}}]}<\/script>\n<!-- \/ Yoast SEO plugin. -->","yoast_head_json":{"title":"GDPR - Interi\u00e9rov\u00e9 dve\u0159e z masivu","robots":{"index":"index","follow":"follow","max-snippet":"max-snippet:-1","max-image-preview":"max-image-preview:large","max-video-preview":"max-video-preview:-1"},"canonical":"https:\/\/www.czechdoor.cz\/cs\/gdpr\/","og_locale":"cs_CZ","og_type":"article","og_title":"GDPR - Interi\u00e9rov\u00e9 dve\u0159e z masivu","og_description":"Informace o z\u00e1sad\u00e1ch zpracov\u00e1n\u00ed osobn\u00edch \u00fadaj\u016f Tento dokument obsahuje informace o zpracov\u00e1n\u00ed osobn\u00edch \u00fadaj\u016f a pou\u010den\u00ed o pr\u00e1vech subjekt\u016f \u00fadaj\u016f dle obecn\u00e9ho na\u0159\u00edzen\u00ed o ochran\u011b osobn\u00edch \u00fadaj\u016f \u010d. 2016\/679\/EU (GDPR). SPR\u00c1VCE OSOBN\u00cdCH \u00daDAJ\u016e Akciov\u00e1 spole\u010dnost CZECH DOOR a.s. je spole\u010dnost\u00ed, jej\u00ed\u017e podnik\u00e1n\u00ed je zam\u011b\u0159eno zejm\u00e9na na v\u00fdrobu a dod\u00e1vky celomasivn\u00edch dve\u0159\u00ed a z\u00e1rubn\u00ed, pro \u0159\u00e1dn\u00fd [&hellip;]","og_url":"https:\/\/www.czechdoor.cz\/cs\/gdpr\/","og_site_name":"Interi\u00e9rov\u00e9 dve\u0159e z masivu","article_modified_time":"2019-09-23T13:02:51+00:00","twitter_card":"summary_large_image","twitter_misc":{"Odhadovan\u00e1 doba \u010dten\u00ed":"12 minut"},"schema":{"@context":"https:\/\/schema.org","@graph":[{"@type":"WebPage","@id":"https:\/\/www.czechdoor.cz\/cs\/gdpr\/","url":"https:\/\/www.czechdoor.cz\/cs\/gdpr\/","name":"GDPR - Interi\u00e9rov\u00e9 dve\u0159e z masivu","isPartOf":{"@id":"http:\/\/www.czechdoor.cz\/cs\/#website"},"datePublished":"2019-08-28T10:56:11+00:00","dateModified":"2019-09-23T13:02:51+00:00","breadcrumb":{"@id":"https:\/\/www.czechdoor.cz\/cs\/gdpr\/#breadcrumb"},"inLanguage":"cs","potentialAction":[{"@type":"ReadAction","target":["https:\/\/www.czechdoor.cz\/cs\/gdpr\/"]}]},{"@type":"BreadcrumbList","@id":"https:\/\/www.czechdoor.cz\/cs\/gdpr\/#breadcrumb","itemListElement":[{"@type":"ListItem","position":1,"name":"\u0413\u043b\u0430\u0432\u043d\u0430\u044f \u0441\u0442\u0440\u0430\u043d\u0438\u0446\u0430","item":"http:\/\/www.czechdoor.cz\/cs\/"},{"@type":"ListItem","position":2,"name":"GDPR"}]},{"@type":"WebSite","@id":"http:\/\/www.czechdoor.cz\/cs\/#website","url":"http:\/\/www.czechdoor.cz\/cs\/","name":"Interi\u00e9rov\u00e9 dve\u0159e z masivu","description":"Kvalitn\u00ed dve\u0159e a z\u00e1rubn\u011b z masivu, interierov\u00e9 a vchodov\u00e9 dve\u0159e - Czech Door a.s.","publisher":{"@id":"http:\/\/www.czechdoor.cz\/cs\/#organization"},"potentialAction":[{"@type":"SearchAction","target":{"@type":"EntryPoint","urlTemplate":"http:\/\/www.czechdoor.cz\/cs\/?s={search_term_string}"},"query-input":{"@type":"PropertyValueSpecification","valueRequired":true,"valueName":"search_term_string"}}],"inLanguage":"cs"},{"@type":"Organization","@id":"http:\/\/www.czechdoor.cz\/cs\/#organization","name":"CzechDoor. Interi\u00e9rov\u00e9 dve\u0159e z masivu","url":"http:\/\/www.czechdoor.cz\/cs\/","logo":{"@type":"ImageObject","inLanguage":"cs","@id":"http:\/\/www.czechdoor.cz\/cs\/#\/schema\/logo\/image\/","url":"https:\/\/www.czechdoor.cz\/wp-content\/uploads\/logo-czechdoor-ru.png","contentUrl":"https:\/\/www.czechdoor.cz\/wp-content\/uploads\/logo-czechdoor-ru.png","width":550,"height":162,"caption":"CzechDoor. Interi\u00e9rov\u00e9 dve\u0159e z masivu"},"image":{"@id":"http:\/\/www.czechdoor.cz\/cs\/#\/schema\/logo\/image\/"}}]}},"_links":{"self":[{"href":"https:\/\/www.czechdoor.cz\/cs\/wp-json\/wp\/v2\/pages\/43928","targetHints":{"allow":["GET"]}}],"collection":[{"href":"https:\/\/www.czechdoor.cz\/cs\/wp-json\/wp\/v2\/pages"}],"about":[{"href":"https:\/\/www.czechdoor.cz\/cs\/wp-json\/wp\/v2\/types\/page"}],"author":[{"embeddable":true,"href":"https:\/\/www.czechdoor.cz\/cs\/wp-json\/wp\/v2\/users\/1"}],"replies":[{"embeddable":true,"href":"https:\/\/www.czechdoor.cz\/cs\/wp-json\/wp\/v2\/comments?post=43928"}],"version-history":[{"count":0,"href":"https:\/\/www.czechdoor.cz\/cs\/wp-json\/wp\/v2\/pages\/43928\/revisions"}],"wp:attachment":[{"href":"https:\/\/www.czechdoor.cz\/cs\/wp-json\/wp\/v2\/media?parent=43928"}],"curies":[{"name":"wp","href":"https:\/\/api.w.org\/{rel}","templated":true}]}}