{"id":90453,"date":"2019-09-05T08:58:24","date_gmt":"2019-09-05T08:58:24","guid":{"rendered":"https:\/\/www.czechdoor.cz\/dsgvo\/"},"modified":"2019-09-17T10:49:12","modified_gmt":"2019-09-17T10:49:12","slug":"dsgvo","status":"publish","type":"page","link":"http:\/\/www.czechdoor.cz\/de\/dsgvo\/","title":{"rendered":"DSGVO"},"content":{"rendered":"\t\t<div data-elementor-type=\"wp-page\" data-elementor-id=\"90453\" class=\"elementor elementor-90453 elementor-89\" data-elementor-post-type=\"page\">\n\t\t\t\t\t\t<section class=\"elementor-section elementor-top-section elementor-element elementor-element-57593203 elementor-section-boxed elementor-section-height-default elementor-section-height-default\" data-id=\"57593203\" data-element_type=\"section\">\n\t\t\t\t\t\t<div class=\"elementor-container elementor-column-gap-default\">\n\t\t\t\t\t<div class=\"elementor-column elementor-col-100 elementor-top-column elementor-element elementor-element-6e1c001f\" data-id=\"6e1c001f\" data-element_type=\"column\">\n\t\t\t<div class=\"elementor-widget-wrap elementor-element-populated\">\n\t\t\t\t\t\t<div class=\"elementor-element elementor-element-1c3c16c4 elementor-widget elementor-widget-woocommerce-breadcrumb\" data-id=\"1c3c16c4\" data-element_type=\"widget\" data-widget_type=\"woocommerce-breadcrumb.default\">\n\t\t\t\t<div class=\"elementor-widget-container\">\n\t\t\t<nav class=\"woocommerce-breadcrumb\" aria-label=\"Breadcrumb\">Startseite<\/nav>\t\t<\/div>\n\t\t\t\t<\/div>\n\t\t\t\t\t<\/div>\n\t\t<\/div>\n\t\t\t\t\t<\/div>\n\t\t<\/section>\n\t\t\t\t<section class=\"elementor-section elementor-top-section elementor-element elementor-element-317d01cc elementor-section-boxed elementor-section-height-default elementor-section-height-default\" data-id=\"317d01cc\" data-element_type=\"section\">\n\t\t\t\t\t\t<div class=\"elementor-container elementor-column-gap-default\">\n\t\t\t\t\t<div class=\"elementor-column elementor-col-100 elementor-top-column elementor-element elementor-element-42bd1e94\" data-id=\"42bd1e94\" data-element_type=\"column\">\n\t\t\t<div class=\"elementor-widget-wrap elementor-element-populated\">\n\t\t\t\t\t\t<div class=\"elementor-element elementor-element-44da7c0a elementor-widget elementor-widget-heading\" data-id=\"44da7c0a\" data-element_type=\"widget\" data-widget_type=\"heading.default\">\n\t\t\t\t<div class=\"elementor-widget-container\">\n\t\t\t<h2 class=\"elementor-heading-title elementor-size-default\">Datenschutz-Grundverordnung<\/h2>\t\t<\/div>\n\t\t\t\t<\/div>\n\t\t\t\t\t<\/div>\n\t\t<\/div>\n\t\t\t\t\t<\/div>\n\t\t<\/section>\n\t\t\t\t<section class=\"elementor-section elementor-top-section elementor-element elementor-element-480591be elementor-section-stretched elementor-section-boxed elementor-section-height-default elementor-section-height-default\" data-id=\"480591be\" data-element_type=\"section\" data-settings=\"{&quot;stretch_section&quot;:&quot;section-stretched&quot;}\">\n\t\t\t\t\t\t<div class=\"elementor-container elementor-column-gap-default\">\n\t\t\t\t\t<div class=\"elementor-column elementor-col-100 elementor-top-column elementor-element elementor-element-63475191\" data-id=\"63475191\" data-element_type=\"column\">\n\t\t\t<div class=\"elementor-widget-wrap elementor-element-populated\">\n\t\t\t\t\t\t<div class=\"elementor-element elementor-element-d4f6522 elementor-widget elementor-widget-text-editor\" data-id=\"d4f6522\" data-element_type=\"widget\" data-widget_type=\"text-editor.default\">\n\t\t\t\t<div class=\"elementor-widget-container\">\n\t\t\t\t\t\t\t<p>Das folgende Dokument beinhaltet Ihformationen zur Datenverarbeitung und den pers\u00f6nlichen Rechten des Datentr\u00e4ges gem\u00e4\u00df der Datenschutz-Grundverordnung Nr. 2016\/679\/EU (GDPR).<\/p>\n<ol>\n<li>DATENADMINISTRATOR<\/li>\n<\/ol>\n<p>CZECH DOOR a.s. AG geht einer Gesch\u00e4ftst\u00e4tigkeit nach, die in der Herstellung und Lieferung von T\u00fcren und Zargen aus Massivholz besteht. Um seine T\u00e4tigkeit angemessen zu bewerkstelligen, verarbeitet es personenbezogene Daten gem\u00e4\u00df den Konditionen von GDPR und den geltenden gesetzlichen Normen. Das vorliegende Dokument dient der Informierung von Subjekten, die personenbezogene Daten zur Verf\u00fcgung stellen, dar\u00fcber, dass ihre pers\u00f6nlichen Daten bearbeitet werden und dass ihnen gem\u00e4\u00df Art. 12 GDPR einschl\u00e4gige Rechte zustehen.<\/p>\n<ol start=\"2\">\n<li>Kontakt- und Identifizierungsdaten<\/li>\n<\/ol>\n<p>CZECH DOOR a.s.<\/p>\n<p>Juristische Adresse: \u0160t\u011brkov\u00e1 897\/16, Radot\u00edn, Praha 5, PS\u010c: 153 00<\/p>\n<p>INO: 26186349, INN: CZ26186349<\/p>\n<p>Eintrag im Handelsregister \u2013 Index des Dokuments: Abteilung B, Datei 6637 im Stadtgericht der Stadt Praga.<\/p>\n<p>Postfach online: ID 9cfdi6t<\/p>\n<p>Webseite: www.czechdoor.cz<\/p>\n<p>E-Mail: obchod@czechdoor.cz, info@czechdoor.cz<\/p>\n<ol start=\"3\">\n<li>Ziele und rechtliche Normen bei der Datenbearbeitung<\/li>\n<\/ol>\n<p>Ihre pers\u00f6nlichen Daten werden im ben\u00f6tigten Umfang f\u00fcr folgende Ziele bearbeitet:<\/p>\n<ul>\n<li>Erstellung von Angeboten zu Warenlieferungen,<\/li>\n<li>Bestellungen, Vertragsschlie\u00dfung und -ausf\u00fchrung bei Warenlieferungen,<\/li>\n<li>Angebot von Kundenservice rund um die gelieferten Waren,<\/li>\n<li>Datenpflege\/F\u00fchrung des Kundenverzeichnisses, Marketing und Sonderangebote,<\/li>\n<li>Einhalten von Verpflichtungen im Bereich Arbeitsrecht, das Recht auf soziale Versorgung und Sozialschutz,<\/li>\n<li>rechtm\u00e4\u00dfiges Interesse des Administrators oder einer dritten Seite (inkl. Einwohnermeldeamt und Archive)<\/li>\n<li>Feststellung, Ausf\u00fchrung oder Schutz von Rechtsanspr\u00fcchen,<\/li>\n<li>Einhaltung von Verpflichtungen auf der Grundlage der geltenden Rechtsnormen.<\/li>\n<\/ul>\n<p>Ihre Daten werden auf der Grundlage der folgenden rechtlichen Normen bearbeitet:<\/p>\n<ul>\n<li>Einhaltung des Vertrags, Einhaltung der Rechtsverpflichtung und des rechtm\u00e4\u00dfigen Interesses gem. Art. 6 \u00a7 1 PP. b), c) und f) GDPR.<\/li>\n<li>Einwilligung gem. Art. 6 \u00a7 1 P. a) GDPR.<\/li>\n<\/ul>\n<ol start=\"4\">\n<li>Quellen und Kategorien der bearbeiteten Daten<\/li>\n<\/ol>\n<p>Ihre Daten werden folgenden Quellen entnommen:<\/p>\n<ul>\n<li>unseren Kunden und Personen, die Interesse an unseren Waren und Produkten zeigen,<\/li>\n<li>unseren Mitarbeitern und Bewerbern,<\/li>\n<li>dritten Seiten, z.B. staatlichen Einrichtungen und \u00c4mtern, Handelspartnern, Versicherungsunternehmen, Bankeinrichtungen,<\/li>\n<li>offen zug\u00e4nglichen Datenbanken.<\/li>\n<\/ul>\n<p>Ihre Daten werden im ben\u00f6tigten Umfang, insbesondere in folgenden Kategorien bearbeitet:<\/p>\n<ul>\n<li>Name, Nachname, Titel<\/li>\n<li>Geburtsdatum, pers\u00f6nliche Registernummer,<\/li>\n<li>Wohnadresse\/Meldeadresse, Korrespondenzadresse, E-Mail-Adresse, Telefonnummer,<\/li>\n<li>Kontonummer und Bankcode<\/li>\n<li>Ausweisnummer, Herausgabedatum und G\u00fcltigkeitsfrist,<\/li>\n<li>Unterschrift<\/li>\n<li>Staatsangeh\u00f6rigkeit<\/li>\n<li>Familienstatus, Geschlecht, Beruf, Gesundheitszustand bei unseren Mitarbeitern,<\/li>\n<li>Vollmacht f\u00fcr Interessenvertretung,<\/li>\n<li>Kopieren und Speichern von Bestellungen und Vertr\u00e4gen, inkl. Erg\u00e4nzungen und damit verbundene Kommunikation,<\/li>\n<li>Abbildungen von Gesicht oder Figur, die von den Aufsichtskameras in der Produktionsst\u00e4tte der Firma zur Sicherung der Innensicherheit erhalten wurden,<\/li>\n<li>andere Angaben, die im direkten Zusammenhang mit der Servicenutzung bei unserem Unternehmen und bei Versicherungsunternehmen stehen bzw. Angaben, die Sie uns beim Nutzen unserer Serviceleistungen zur Verf\u00fcgung stellen.<\/li>\n<\/ul>\n<ol start=\"5\">\n<li>Kategorien von Subjekten, die personenbezogene Daten zur Verf\u00fcgung stellen<\/li>\n<\/ol>\n<p>Als Datentr\u00e4ger gilt eine physische Person, die \u00fcber pers\u00f6nliche Daten verf\u00fcgt, konkret:<\/p>\n<ul>\n<li>Kunde, Vertragspartner, Teilnehmer von Vertragsverhandlungen, an unseren Waren und Produktn interessierte Personen,<\/li>\n<li>unterstehender Anbieter von Versicherungsdienstleistungen,<\/li>\n<li>Mitarbeiter und Bewerber,<\/li>\n<li>Antragsteller,<\/li>\n<li>Zahlungsabsender und Zahlungsempf\u00e4nger,<\/li>\n<li>Bevollm\u00e4chtigte, Pflichtentr\u00e4ger, benachteiligte Personen<\/li>\n<li>Teilnehmer von Rechtsverh\u00e4ltnissen.<\/li>\n<\/ul>\n<ol start=\"6\">\n<li>Kategorien von Datenverarbeitern und Datensammlern<\/li>\n<\/ol>\n<p>Ihre Daten k\u00f6nnen im ben\u00f6tigten Umfang den folgenden Vertretern von dritten Seiten aufgrund der angebotenen Dienstleistungen, der Einhaltung von rechtlichen Verpflichtungen und des rechtsm\u00e4\u00dfigen Interesses zur Verf\u00fcgung gestellt werden:<\/p>\n<ul>\n<li>staatliche und \u00f6ffentliche Beh\u00f6rden,<\/li>\n<li>Bankeneinrichtungen,<\/li>\n<li>Versicherungsunternehmen,<\/li>\n<li>\u00e4u\u00dfere Subjekte, im einzelnen Subjekte, die IT-Dienstleistungen anbieten und die Sicherheit unserer Informationssysteme und Technologien sichern, Subjekte der Buchhaltung, der Rechnungspr\u00fcfung und der Steuerberatung, Subjekte des Arbeitsschutzes, des Brandschutzes und Brandschulungen, Subjekte des Rechtsschutzes und Experten.<\/li>\n<\/ul>\n<p>Ihre Daten werden nicht ohne Ihre Zustimmung an Dritte aus\u00dferhalb der EU und der EWU weitergegeben, sofern von den geltenden Rechtnormen nicht anders verordnet.<\/p>\n<ol start=\"7\">\n<li>Marketing, Sonderangebote<\/li>\n<\/ol>\n<p>F\u00fcr Marketing und Sonderanbegote verwenden wir E-Mail-Adressen von Kunden und Personen, die an unseren Waren und Produkten interessiert sind und uns deshalb zu diesen Zwecken mit der entsprechenden Einwilligung zur Verf\u00fcgung gestellt haben, bzw. die\u00a0 Rundmail abonniert haben. In solchen F\u00e4llen nutzen wir die E-Mail-Adressen ohne zeitliche Befristungen bis zur Verzichts\u00e4u\u00dferung. Unter Bearbeitung zu Zwecken von Marketing und Erstellung von Sonderangeboten verstehen wir im Einzelnen die Ermittlung von Ihren Pr\u00e4ferenzen und das Angebot von entsprechenden Waren und Produkten. Zu diesem Zweck sammeln und werten wir grundlegende Daten aus, Daten zu Dienstleistungen und Profildaten, inkl. Profilierung u.a. mit Hilfe von automatisierten Verfahren. Dieses Vorgehen unterst\u00fctzt uns darin, Ihnen irrelevante Angebote zu ersparen.<\/p>\n<p>Wenn Sie unsere Webseite nutzen, nehmen Sie die Nutzung und Speicherung von Cookies f\u00fcr die Verbesserung der Nutzungsqualit\u00e4t unserer Webseite zur Kenntnis und erteilen Ihr Einverst\u00e4ndnis. Sollten Sie mit der Speicherung von Cookies auf Ihrem Ger\u00e4t nicht einverstanden sein, \u00e4ndern Sie die Einstellungen Ihres Webbrowsers, damit entweder alle oder einzelne Cookies nicht gespeichert werden, oder stellen Sie die Nutzung unserer Webseite ein. Wir informieren Sie, dass unsere Webseite unter Verbot einiger Cookies Fehler in der Anwendung aufweisen kann.<\/p>\n<ol start=\"8\">\n<li>Art der Bearbeitung und des Schutzes von Daten<\/li>\n<\/ol>\n<p>Ihre Daten werden automatisiert und nicht automatisiert bearbeitet, in elektronischer und analoger Form, unter der Einhaltung von s\u00e4mtlichen Sicherheitsvorkehrungen beim Verwalten und Bearbeiten von personenbezogenen Daten. Zu diesem Zweck sind die notwendigen organisationstechnischen Ma\u00dfnahmen zur Gew\u00e4hrleistung von Datenschutz, insbesondere Ma\u00dfnahmen zur Vorbeugung von einem rechtswidrigen oder zuf\u00e4lligen Zugriff auf personenbezogene Daten, ihre \u00c4nderung, Vernichtung, Verlust, unbef\u00fcgte Weitergabe, unbef\u00fcgte Bearbeitung und anderen Missbrauch getroffen worden. Alle Subjekte, die Zugriff auf Daten haben d\u00fcrfen, respektieren das Recht der Datentr\u00e4ger auf pers\u00f6nlichen Schutz und verpflichten sich gem\u00e4\u00df den Datenschutzvorshriften zu handeln.<\/p>\n<p>Personenbezogene Daten werden in Datenb\u00e4nken auf sicheren Servern gespeichert, auf die nur unsere Mitarbeiter bzw. vertraute Administratoren Zugriff haben, und nur in dem Umfang, den sie f\u00fcr ihre dienstlichen Aufgaben ben\u00f6tigen. Jeglicher Zugriff und jedes Verfahren mit Daten in unseren Datenb\u00e4nken werden beobachtet und aufgezeichnet, dies wird mit Hilfe des installierten Virusschutzes und der sicheren Datenspeicherung gew\u00e4hrleistet. Unser Unternehmen hat Ma\u00dfnahmen getroffen, um stete Zuverl\u00e4ssigkeit, Funktionsf\u00e4higkeit, Verf\u00fcgbarkeit und Stabilit\u00e4t der Bearbeitungssysteme zu gew\u00e4hrleisten, sowie die M\u00f6glichkeit, die Verf\u00fcgbarkeit von Daten und den entsprechenden Zugriff im Falle von physischen Eingriffen und technischen Zwischenf\u00e4llen zu erneuern. Die R\u00e4ume, in denen die Bearbeitung Ihrer Daten stattfindet, sind mechanisch ausreichend gesch\u00fctzt, u.a. mit Kamerasystem und elektronischer Alarmanlage ausgestattet oder an das zentrale Alarmsystem geschaltet.<\/p>\n<ol start=\"9\">\n<li>Verschwiegenheitspflicht<\/li>\n<\/ol>\n<p>Das Unternehmen nimmt gem\u00e4\u00df Verordnungen des GDPR die Verschwiegenheitspflicht in Bezug auf die bearbeiteten personenbezogenen Daten auf sich und verpflichtet sich, die entsprechenden Sicherheitsvorkehrungen zu treffen. Die Ver\u00f6ffentlichung von personenbezogenen Daten w\u00fcrde sie in Gefahr bringen, da die vorliegende Verschwiegenheitspflicht auch nach Vertragsbeendigung, der Beendigung von Serviceleistungen, dem rechtm\u00e4\u00dfigen Interesse oder der Erf\u00fcllung von rechtlichen Verpflichtungen weiterhin in Kraft bleibt, sofern von den Rechtsnormen nicht anders vorgegeben.<\/p>\n<ol start=\"10\">\n<li>Bearbeitungsfrist von personenbezogenen Daten<\/li>\n<\/ol>\n<p>Beim Bearbeiten Ihrer Daten folgen wir der Regel der Datenminimisierung. Das bedeutet, wir haben strikte interne Regeln zur Registrierung und Archivierung, die sicherstellen, dass wir die Daten nicht l\u00e4nger spechern, als ben\u00f6tigt. Gem\u00e4\u00df den Fristen, die in den entsprechenden Vertr\u00e4gen, Rechtsnormen und internen Anornungen angegeben sind, handelt es sich um Fristen, die notwendig sind, um die vertragsgem\u00e4\u00dfen, rechtm\u00e4\u00dfigen Rechte und Verpflichtungen sowie die entsprechenden rechtlichen Normen einzuhalten, allerdings nicht l\u00e4nger als 10 Jahre nach der letzten Datenbearbeitung, sollte nicht eine l\u00e4ngere Frist rechtlich verordnet werden.<\/p>\n<p>Die Einwilligung zur Speicherung und Bearbeitung von personenbezogenen Daten, die auf dieser Grundlage bearbeitet werden, bzw. zum Versand von kommerziellen Angeboten, kann jederzeit widerrufen werden, indem an die Adresse des Unternehmens (sieh. P. 2) postalisch oder elektronisch ein Brief geschickt wird. Die Widerrufung der Einwilligung betrifft allerdings nicht die Bearbeitung von ben\u00f6tigten Daten, um den Vertrag, die rechtlichen Verpflichtungen oder andere rechtm\u00e4\u00dfigen Interessen gem\u00e4\u00df den Vorschschriften der GDPR oder anderer geltenden Rechtsnormen zu erf\u00fcllen.<\/p>\n<ol start=\"11\">\n<li>Rechte des Datentr\u00e4gers<\/li>\n<\/ol>\n<p>Gem\u00e4\u00df den Vorschriften zum Datenschutz verf\u00fcgen Sie \u00fcber folgende Rechte:<\/p>\n<ul>\n<li>Zugriff auf personenbezogene Daten, d.h. Sie k\u00f6nnen jederzeit bei unserem Unternehmen anfragen, ob Ihre Daten in Bearbeitung sind, und wenn ja, dann zu welchem Zweck, in welchem Umfang, wer darauf Zugriff hat, wie lange sie bearbeitet werden, ob Sie Korrekturen eintragen oder Daten entfernen d\u00fcrfen, die Bearbeitung einschr\u00e4nken oder Einspruch einlegen d\u00fcrfen, woher die Daten bezogen wurden, ob auf der Basis der Datenverarbeitung automatische Entscheidungen getroffen werden, inkl. Profilierung. Sie haben ebenfalls das Recht, eine Kopie Ihrer Daten zu erhalten, dabei d\u00fcrfen wir f\u00fcr den Verwaltungsaufwand f\u00fcr ihre Anfertigung Geb\u00fchren erheben.<\/li>\n<li>Das Recht auf \u00c4nderung von personenbezogenen Daten, d.h. Sie d\u00fcrfen unser Unternehmen bitten, Ihre Daten zu \u00e4ndern oder zu erg\u00e4nzen, sofern diese ungenau oder unvollst\u00e4ndig waren.<\/li>\n<li>Das Recht auf Entfernung von personenbezogenen Daten, d.h. das Unternehmen entfernt Ihre Daten, wenn 1) diese f\u00fcr die Zwecke, zu denen sie bearbeitet wurden, nicht mehr ben\u00f6tigt werden, 2) Sie Ihre Einwilligung widerrufen und keine weiteren rechtsm\u00e4\u00dfigen Gr\u00fcnde f\u00fcr die Bearbeitung bestehen 4) die Bearbeitung rechtswidrig ist oder 5) dies aufgrund von rechtlichen Verpflichtungen notwendig ist.<\/li>\n<li>Das Recht auf Einschr\u00e4nkung von personenbezogenen Daten, d.h. solange Streitfragen bez\u00fcglich der Bearbeitung von Ihren Daten nicht gel\u00f6st sind, konkret weil 1) Sie die Genauigkeit der Daten verneinen, 2) die Bearbeitung rechtswidrig ist, Sie aber statt der Entfernung Ihrer Daten nur ihre Bearbeitung einschr\u00e4nkn wollen, 3) das Unternehmen die Daten zur Bearbeitung nicht l\u00e4nger braucht, Sie aber schon, 4) sofern Sie eine Beschwerde bez\u00fcglich der Bearbeitung eingereicht hatten.<\/li>\n<li>Das Recht auf Weitergabe von Daten, d.h. dass Sie das Recht haben, die Daten zu erhalten, die Sie dem Unternehmen mit Ihrer Einwilligung zur Bearbeitung oder zu Zwecken der Vertragsausf\u00fchrung gew\u00e4hrt hatten. Die Daten sind in einem strukturierten, herk\u00f6mmlich genutzten und lesbaren Format vorzulegen und, sofern technisch m\u00f6glich, d\u00fcrfen Sie vom Unternehmen verlangen, dass dieses Ihre Daten an einen anderen Administrator weitergibt.<\/li>\n<li>Das Recht, Einspruch gegen die Datenbearbeitung einzulegen, d.h. Sie d\u00fcrfen der Aktionsgesellschaft eine schriftliche oder elektronische Beschwerde wegen der Bearbeitung Ihrer Daten zuschicken, was dazu f\u00fchrt, dass das Unternehmen die Daten nicht weiterbearbeitet, sofern es keine triftigen rechtm\u00e4\u00dfigen Gr\u00fcnde anf\u00fchrt, die \u00fcber Ihre Interessen, Rechte und Freiheiten Vorrang haben, um sie weiterzubearbeiten.<\/li>\n<li>VERZICHT AUF GEW\u00c4HRUNG VON DATEN, d.h. Sie k\u00f6nnen es ablehnen, die Daten, die wir f\u00fcr unsere Serviceleistungen erfragen, zu gew\u00e4hren. Wenn es sich allerdings um Daten handelt, deren Gew\u00e4hrung Ihrerseits notwendig ist, k\u00f6nnen wir den Service an Sie nicht erbringen.<\/li>\n<li>WIDERRUF DER EINWILLIGUNG ZUR BEARBEITUNG in F\u00e4llen, in denen die Bearbeitung Ihrer Daten Ihrer Einwilligung bedarf, d\u00fcrfen Sie diese jederzeit widerrufen. Der Widerruf der Einwilligung hat keinen Einfluss auf die Bearbeitung Ihrer Daten im Verlauf der Frist, f\u00fcr die Sie Ihre Einwilligung erteilt hatten, und auf die Bearbeitung Ihrer Daten aus anderen rechtlichen Gr\u00fcnden, sofern diese gelten (z.B. Erf\u00fcllung von Rechtsverpflichtungen, Vertr\u00e4gen oder zu Zwecken unserer rechtm\u00e4\u00dfigen Interessen).<\/li>\n<\/ul>\n<p>Sie d\u00fcrfen alle Rechte, die in den obengenannten Abs\u00e4tzen aufgez\u00e4hlt sind, in Bezug auf das Unternehmen geltend machen, per Brief mit Einschreiben in schriftlicher Form, den Sie an unsere juristische Adresse schicken, elektronisch oder telefonisch. Die entsprechenden Kontakte finden Sie unter P. 2.<\/p>\n<p>Des Weiteren haben Sie das Recht, sich aufgrund der Datenbearbeitung bei der Beh\u00f6rde f\u00fcr Datenschutz unter dem Link <a href=\"http:\/\/www.uoou.cz\">www.uoou.cz<\/a> zu beschweren.<\/p>\n<p>G\u00fcltigkeit der Informationen \u00fcber die Grundlagen der Datenbearbeitung vom 25.05.2018<\/p>\n\t\t\t\t\t\t<\/div>\n\t\t\t\t<\/div>\n\t\t\t\t\t<\/div>\n\t\t<\/div>\n\t\t\t\t\t<\/div>\n\t\t<\/section>\n\t\t\t\t<\/div>\n\t\t","protected":false},"excerpt":{"rendered":"<p>Datenschutz-Grundverordnung Das folgende Dokument beinhaltet Ihformationen zur Datenverarbeitung und den pers\u00f6nlichen Rechten des Datentr\u00e4ges gem\u00e4\u00df der Datenschutz-Grundverordnung Nr. 2016\/679\/EU (GDPR). DATENADMINISTRATOR CZECH DOOR a.s. AG geht einer Gesch\u00e4ftst\u00e4tigkeit nach, die in der Herstellung und Lieferung von T\u00fcren und Zargen aus Massivholz besteht. Um seine T\u00e4tigkeit angemessen zu bewerkstelligen, verarbeitet es personenbezogene Daten gem\u00e4\u00df den Konditionen [&hellip;]<\/p>\n","protected":false},"author":1,"featured_media":0,"parent":0,"menu_order":0,"comment_status":"closed","ping_status":"closed","template":"","meta":{"footnotes":""},"class_list":["post-90453","page","type-page","status-publish","hentry"],"yoast_head":"<!-- This site is optimized with the Yoast SEO plugin v23.4 - https:\/\/yoast.com\/wordpress\/plugins\/seo\/ -->\n<title>DSGVO - Innent\u00fcren aus Massivholz<\/title>\n<meta name=\"robots\" content=\"index, follow, max-snippet:-1, max-image-preview:large, max-video-preview:-1\" \/>\n<link rel=\"canonical\" href=\"http:\/\/www.czechdoor.cz\/de\/dsgvo\/\" \/>\n<meta property=\"og:locale\" content=\"de_DE\" \/>\n<meta property=\"og:type\" content=\"article\" \/>\n<meta property=\"og:title\" content=\"DSGVO - Innent\u00fcren aus Massivholz\" \/>\n<meta property=\"og:description\" content=\"Datenschutz-Grundverordnung Das folgende Dokument beinhaltet Ihformationen zur Datenverarbeitung und den pers\u00f6nlichen Rechten des Datentr\u00e4ges gem\u00e4\u00df der Datenschutz-Grundverordnung Nr. 2016\/679\/EU (GDPR). DATENADMINISTRATOR CZECH DOOR a.s. AG geht einer Gesch\u00e4ftst\u00e4tigkeit nach, die in der Herstellung und Lieferung von T\u00fcren und Zargen aus Massivholz besteht. Um seine T\u00e4tigkeit angemessen zu bewerkstelligen, verarbeitet es personenbezogene Daten gem\u00e4\u00df den Konditionen [&hellip;]\" \/>\n<meta property=\"og:url\" content=\"http:\/\/www.czechdoor.cz\/de\/dsgvo\/\" \/>\n<meta property=\"og:site_name\" content=\"Innent\u00fcren aus Massivholz\" \/>\n<meta property=\"article:modified_time\" content=\"2019-09-17T10:49:12+00:00\" \/>\n<meta name=\"twitter:card\" content=\"summary_large_image\" \/>\n<meta name=\"twitter:label1\" content=\"Gesch\u00e4tzte Lesezeit\" \/>\n\t<meta name=\"twitter:data1\" content=\"9\u00a0Minuten\" \/>\n<script type=\"application\/ld+json\" class=\"yoast-schema-graph\">{\"@context\":\"https:\/\/schema.org\",\"@graph\":[{\"@type\":\"WebPage\",\"@id\":\"http:\/\/www.czechdoor.cz\/de\/dsgvo\/\",\"url\":\"http:\/\/www.czechdoor.cz\/de\/dsgvo\/\",\"name\":\"DSGVO - Innent\u00fcren aus Massivholz\",\"isPartOf\":{\"@id\":\"http:\/\/www.czechdoor.cz\/cs\/#website\"},\"datePublished\":\"2019-09-05T08:58:24+00:00\",\"dateModified\":\"2019-09-17T10:49:12+00:00\",\"breadcrumb\":{\"@id\":\"http:\/\/www.czechdoor.cz\/de\/dsgvo\/#breadcrumb\"},\"inLanguage\":\"de\",\"potentialAction\":[{\"@type\":\"ReadAction\",\"target\":[\"http:\/\/www.czechdoor.cz\/de\/dsgvo\/\"]}]},{\"@type\":\"BreadcrumbList\",\"@id\":\"http:\/\/www.czechdoor.cz\/de\/dsgvo\/#breadcrumb\",\"itemListElement\":[{\"@type\":\"ListItem\",\"position\":1,\"name\":\"\u0413\u043b\u0430\u0432\u043d\u0430\u044f \u0441\u0442\u0440\u0430\u043d\u0438\u0446\u0430\",\"item\":\"https:\/\/www.czechdoor.cz\/de\/\"},{\"@type\":\"ListItem\",\"position\":2,\"name\":\"DSGVO\"}]},{\"@type\":\"WebSite\",\"@id\":\"http:\/\/www.czechdoor.cz\/cs\/#website\",\"url\":\"http:\/\/www.czechdoor.cz\/cs\/\",\"name\":\"Innent\u00fcren aus Massivholz\",\"description\":\"Seit 28 Jahren stellt unser Betrieb T\u00fcren und Zargen aus Massivholz her.\",\"publisher\":{\"@id\":\"http:\/\/www.czechdoor.cz\/cs\/#organization\"},\"potentialAction\":[{\"@type\":\"SearchAction\",\"target\":{\"@type\":\"EntryPoint\",\"urlTemplate\":\"http:\/\/www.czechdoor.cz\/cs\/?s={search_term_string}\"},\"query-input\":{\"@type\":\"PropertyValueSpecification\",\"valueRequired\":true,\"valueName\":\"search_term_string\"}}],\"inLanguage\":\"de\"},{\"@type\":\"Organization\",\"@id\":\"http:\/\/www.czechdoor.cz\/cs\/#organization\",\"name\":\"CzechDoor. Interi\u00e9rov\u00e9 dve\u0159e z masivu\",\"url\":\"http:\/\/www.czechdoor.cz\/cs\/\",\"logo\":{\"@type\":\"ImageObject\",\"inLanguage\":\"de\",\"@id\":\"http:\/\/www.czechdoor.cz\/cs\/#\/schema\/logo\/image\/\",\"url\":\"http:\/\/www.czechdoor.cz\/wp-content\/uploads\/logo-czechdoor-ru.png\",\"contentUrl\":\"http:\/\/www.czechdoor.cz\/wp-content\/uploads\/logo-czechdoor-ru.png\",\"width\":550,\"height\":162,\"caption\":\"CzechDoor. Interi\u00e9rov\u00e9 dve\u0159e z masivu\"},\"image\":{\"@id\":\"http:\/\/www.czechdoor.cz\/cs\/#\/schema\/logo\/image\/\"}}]}<\/script>\n<!-- \/ Yoast SEO plugin. -->","yoast_head_json":{"title":"DSGVO - Innent\u00fcren aus Massivholz","robots":{"index":"index","follow":"follow","max-snippet":"max-snippet:-1","max-image-preview":"max-image-preview:large","max-video-preview":"max-video-preview:-1"},"canonical":"http:\/\/www.czechdoor.cz\/de\/dsgvo\/","og_locale":"de_DE","og_type":"article","og_title":"DSGVO - Innent\u00fcren aus Massivholz","og_description":"Datenschutz-Grundverordnung Das folgende Dokument beinhaltet Ihformationen zur Datenverarbeitung und den pers\u00f6nlichen Rechten des Datentr\u00e4ges gem\u00e4\u00df der Datenschutz-Grundverordnung Nr. 2016\/679\/EU (GDPR). DATENADMINISTRATOR CZECH DOOR a.s. AG geht einer Gesch\u00e4ftst\u00e4tigkeit nach, die in der Herstellung und Lieferung von T\u00fcren und Zargen aus Massivholz besteht. Um seine T\u00e4tigkeit angemessen zu bewerkstelligen, verarbeitet es personenbezogene Daten gem\u00e4\u00df den Konditionen [&hellip;]","og_url":"http:\/\/www.czechdoor.cz\/de\/dsgvo\/","og_site_name":"Innent\u00fcren aus Massivholz","article_modified_time":"2019-09-17T10:49:12+00:00","twitter_card":"summary_large_image","twitter_misc":{"Gesch\u00e4tzte Lesezeit":"9\u00a0Minuten"},"schema":{"@context":"https:\/\/schema.org","@graph":[{"@type":"WebPage","@id":"http:\/\/www.czechdoor.cz\/de\/dsgvo\/","url":"http:\/\/www.czechdoor.cz\/de\/dsgvo\/","name":"DSGVO - Innent\u00fcren aus Massivholz","isPartOf":{"@id":"http:\/\/www.czechdoor.cz\/cs\/#website"},"datePublished":"2019-09-05T08:58:24+00:00","dateModified":"2019-09-17T10:49:12+00:00","breadcrumb":{"@id":"http:\/\/www.czechdoor.cz\/de\/dsgvo\/#breadcrumb"},"inLanguage":"de","potentialAction":[{"@type":"ReadAction","target":["http:\/\/www.czechdoor.cz\/de\/dsgvo\/"]}]},{"@type":"BreadcrumbList","@id":"http:\/\/www.czechdoor.cz\/de\/dsgvo\/#breadcrumb","itemListElement":[{"@type":"ListItem","position":1,"name":"\u0413\u043b\u0430\u0432\u043d\u0430\u044f \u0441\u0442\u0440\u0430\u043d\u0438\u0446\u0430","item":"https:\/\/www.czechdoor.cz\/de\/"},{"@type":"ListItem","position":2,"name":"DSGVO"}]},{"@type":"WebSite","@id":"http:\/\/www.czechdoor.cz\/cs\/#website","url":"http:\/\/www.czechdoor.cz\/cs\/","name":"Innent\u00fcren aus Massivholz","description":"Seit 28 Jahren stellt unser Betrieb T\u00fcren und Zargen aus Massivholz her.","publisher":{"@id":"http:\/\/www.czechdoor.cz\/cs\/#organization"},"potentialAction":[{"@type":"SearchAction","target":{"@type":"EntryPoint","urlTemplate":"http:\/\/www.czechdoor.cz\/cs\/?s={search_term_string}"},"query-input":{"@type":"PropertyValueSpecification","valueRequired":true,"valueName":"search_term_string"}}],"inLanguage":"de"},{"@type":"Organization","@id":"http:\/\/www.czechdoor.cz\/cs\/#organization","name":"CzechDoor. Interi\u00e9rov\u00e9 dve\u0159e z masivu","url":"http:\/\/www.czechdoor.cz\/cs\/","logo":{"@type":"ImageObject","inLanguage":"de","@id":"http:\/\/www.czechdoor.cz\/cs\/#\/schema\/logo\/image\/","url":"http:\/\/www.czechdoor.cz\/wp-content\/uploads\/logo-czechdoor-ru.png","contentUrl":"http:\/\/www.czechdoor.cz\/wp-content\/uploads\/logo-czechdoor-ru.png","width":550,"height":162,"caption":"CzechDoor. Interi\u00e9rov\u00e9 dve\u0159e z masivu"},"image":{"@id":"http:\/\/www.czechdoor.cz\/cs\/#\/schema\/logo\/image\/"}}]}},"_links":{"self":[{"href":"http:\/\/www.czechdoor.cz\/de\/wp-json\/wp\/v2\/pages\/90453","targetHints":{"allow":["GET"]}}],"collection":[{"href":"http:\/\/www.czechdoor.cz\/de\/wp-json\/wp\/v2\/pages"}],"about":[{"href":"http:\/\/www.czechdoor.cz\/de\/wp-json\/wp\/v2\/types\/page"}],"author":[{"embeddable":true,"href":"http:\/\/www.czechdoor.cz\/de\/wp-json\/wp\/v2\/users\/1"}],"replies":[{"embeddable":true,"href":"http:\/\/www.czechdoor.cz\/de\/wp-json\/wp\/v2\/comments?post=90453"}],"version-history":[{"count":0,"href":"http:\/\/www.czechdoor.cz\/de\/wp-json\/wp\/v2\/pages\/90453\/revisions"}],"wp:attachment":[{"href":"http:\/\/www.czechdoor.cz\/de\/wp-json\/wp\/v2\/media?parent=90453"}],"curies":[{"name":"wp","href":"https:\/\/api.w.org\/{rel}","templated":true}]}}